{"id":53,"date":"2021-06-01T11:30:36","date_gmt":"2021-06-01T11:30:36","guid":{"rendered":"https:\/\/studiopapaya.de\/?page_id=53"},"modified":"2025-07-31T09:17:27","modified_gmt":"2025-07-31T09:17:27","slug":"datenschutz","status":"publish","type":"page","link":"https:\/\/studiopapaya.de\/de\/datenschutz\/","title":{"rendered":"Datenschutz"},"content":{"rendered":"","protected":false},"excerpt":{"rendered":"","protected":false},"author":1,"featured_media":0,"parent":0,"menu_order":15,"comment_status":"closed","ping_status":"closed","template":"","meta":[],"class_list":["post-53","page","type-page","status-publish","hentry"],"grid":"{\r\n  \"colCount\": 12,\r\n  \"colGutter\": 1,\r\n  \"rowGutters\": [],\r\n  \"frameMargin\": 5,\r\n  \"topFrameMargin\": 7,\r\n  \"bottomFrameMargin\": 5,\r\n  \"rowAttrs\": [\r\n    {\r\n      \"relid\": 1\r\n    }\r\n  ],\r\n  \"bgColor\": null,\r\n  \"cont\": [\r\n    {\r\n      \"type\": \"text\",\r\n      \"cont\": \"<h1 style=\\\"line-height: 1.2;\\\"><span style=\\\"color: #0000ff; font-family: arial, helvetica, sans-serif;\\\"><b>Datenschutzerkl\u00e4rung<\/b><\/span><\/h1><p style=\\\"line-height: 1.2;\\\">\u00a0<\/p><h2 style=\\\"line-height: 1.2;\\\"><span style=\\\"color: #0000ff; font-family: arial, helvetica, sans-serif;\\\"><b>Verantwortlich f\u00fcr die Datenverarbeitung ist:<\/b><\/span><\/h2><p style=\\\"line-height: 1.2;\\\"><span style=\\\"font-weight: 400; color: #0000ff; font-family: arial, helvetica, sans-serif;\\\">Johanna Lotz &amp; Verena Deist<\/span><\/p><p style=\\\"line-height: 1.2;\\\">\u00a0<\/p><p style=\\\"line-height: 1.2;\\\"><span style=\\\"font-weight: 400; color: #0000ff; font-family: arial, helvetica, sans-serif;\\\">hello@studiopapaya.de<\/span><\/p><p style=\\\"line-height: 1.2;\\\"><span style=\\\"font-weight: 400; color: #0000ff; font-family: arial, helvetica, sans-serif;\\\">Telefon: 015783973764<\/span><\/p><p style=\\\"line-height: 1.2;\\\"><span style=\\\"font-weight: 400; color: #0000ff; font-family: arial, helvetica, sans-serif;\\\">Wir freuen uns \u00fcber Ihr Interesse an unserer Website. Der Schutz Ihrer Privatsph\u00e4re ist f\u00fcr uns sehr wichtig. Nachstehend informieren wir Sie ausf\u00fchrlich \u00fcber den Umgang mit Ihren Daten.<\/span><\/p><p style=\\\"line-height: 1.2;\\\">\u00a0<\/p><h2 style=\\\"line-height: 1.2;\\\"><span style=\\\"color: #0000ff; font-family: arial, helvetica, sans-serif;\\\"><b>1. Zugriffsdaten und Hosting<\/b><\/span><\/h2><p style=\\\"line-height: 1.2;\\\"><span style=\\\"font-weight: 400; color: #0000ff; font-family: arial, helvetica, sans-serif;\\\">Sie k\u00f6nnen unsere Webseiten besuchen, ohne Angaben zu Ihrer Person zu machen. Bei jedem Aufruf einer Webseite speichert der Webserver lediglich automatisch ein sogenanntes Server-Logfile, das z.B. den Namen der angeforderten Datei, Ihre IP-Adresse, Datum und Uhrzeit des Abrufs, \u00fcbertragene Datenmenge und den anfragenden Provider (Zugriffsdaten) enth\u00e4lt und den Abruf dokumentiert. Diese Zugriffsdaten werden ausschlie\u00dflich zum Zwecke der Sicherstellung eines st\u00f6rungsfreien Betriebs der Seite sowie der Verbesserung unseres Angebots ausgewertet. Dies dient der Wahrung unserer im Rahmen einer Interessensabw\u00e4gung \u00fcberwiegenden berechtigten Interessen an einer korrekten Darstellung unseres Angebots gem\u00e4\u00df Art. 6 Abs. 1 S. 1 lit. f DSGVO. Alle Zugriffsdaten werden sp\u00e4testens sieben Tage nach Ende Ihres Seitenbesuchs gel\u00f6scht.<\/span><\/p><p style=\\\"line-height: 1.2;\\\">\u00a0<\/p><h3 style=\\\"line-height: 1.2;\\\"><span style=\\\"color: #0000ff; font-family: arial, helvetica, sans-serif;\\\"><b>1.1 Hosting<\/b><\/span><\/h3><p style=\\\"line-height: 1.2;\\\"><span style=\\\"font-weight: 400; color: #0000ff; font-family: arial, helvetica, sans-serif;\\\">Die Dienste zum Hosting und zur Darstellung der Webseite werden teilweise durch unsere Dienstleister im Rahmen einer Verarbeitung in unserem Auftrag erbracht. Soweit im Rahmen der vorliegenden Datenschutzerkl\u00e4rung nichts anderes erl\u00e4utert wird, werden alle Zugriffsdaten sowie alle Daten, die in daf\u00fcr vorgesehenen Formularen auf dieser Webseite erhoben werden, auf ihren Servern verarbeitet. Bei Fragen zu unseren Dienstleistern und der Grundlage unserer Zusammenarbeit mit ihnen wenden Sie sich bitte an die in dieser Datenschutzerkl\u00e4rung beschriebenen Kontaktm\u00f6glichkeit.\u00a0<\/span><\/p><p style=\\\"line-height: 1.2;\\\">\u00a0<\/p><h2 style=\\\"line-height: 1.2;\\\"><span style=\\\"color: #0000ff; font-family: arial, helvetica, sans-serif;\\\"><b>2. Datenverarbeitung zur Vertragsabwicklung und zur Kontaktaufnahme<\/b><\/span><\/h2><p style=\\\"line-height: 1.2;\\\"><span style=\\\"font-weight: 400; color: #0000ff; font-family: arial, helvetica, sans-serif;\\\">Wir erheben personenbezogene Daten, wenn Sie uns diese im Rahmen Ihrer Bestellung oder bei einer Kontaktaufnahme mit uns (z.B. per Kontaktformular oder E-Mail) freiwillig mitteilen. Pflichtfelder werden als solche gekennzeichnet, da wir in diesen F\u00e4llen die Daten zwingend zur Vertragsabwicklung, bzw. zur Bearbeitung Ihrer Kontaktaufnahme ben\u00f6tigen und Sie ohne deren Angabe die Bestellung nicht abschlie\u00dfen, bzw. die Kontaktaufnahme nicht versenden k\u00f6nnen. Welche Daten erhoben werden, ist aus den jeweiligen Eingabeformularen ersichtlich.<\/span><\/p><p style=\\\"line-height: 1.2;\\\"><span style=\\\"font-weight: 400; color: #0000ff; font-family: arial, helvetica, sans-serif;\\\">Wir verwenden die von Ihnen mitgeteilten Daten zur Vertragsabwicklung und Bearbeitung Ihrer Anfragen gem\u00e4\u00df Art. 6 Abs. 1 S. 1 lit. b DSGVO. Weitere Informationen zu der Verarbeitung Ihrer Daten, insbesondere zu der Weitergabe an unsere Dienstleister zum Zwecke der Bestellungs-, Zahlungs- und Versandabwicklung, finden Sie in den nachfolgenden Abschnitten dieser Datenschutzerkl\u00e4rung. Nach vollst\u00e4ndiger Abwicklung des Vertrages werden Ihre Daten f\u00fcr die weitere Verarbeitung eingeschr\u00e4nkt und nach Ablauf etwaiger steuer- und handelsrechtlichen Aufbewahrungsfristen gem\u00e4\u00df Art. 6 Abs. 1 S. 1 lit. c DSGVO gel\u00f6scht, sofern Sie nicht ausdr\u00fccklich in eine weitere Nutzung Ihrer Daten gem\u00e4\u00df Art. 6 Abs. 1 S. 1 lit. a DSGVO eingewilligt haben oder wir uns eine dar\u00fcber hinausgehende Datenverwendung vorbehalten, die gesetzlich erlaubt ist und \u00fcber die wir Sie in dieser Erkl\u00e4rung informieren.<\/span><\/p><p style=\\\"line-height: 1.2;\\\">\u00a0<\/p><h2 style=\\\"line-height: 1.2;\\\"><span style=\\\"color: #0000ff; font-family: arial, helvetica, sans-serif;\\\"><b>3. Datenverarbeitung zum Zwecke der Versandabwicklung<\/b><\/span><\/h2><p style=\\\"line-height: 1.2;\\\"><span style=\\\"font-weight: 400; color: #0000ff; font-family: arial, helvetica, sans-serif;\\\">Zur Vertragserf\u00fcllung gem\u00e4\u00df Art. 6 Abs. 1 S. 1 lit. b DSGVO geben wir Ihre Daten an den mit der Lieferung beauftragten Versanddienstleister weiter, soweit dies zur Lieferung bestellter Waren erforderlich ist.<\/span><\/p><p style=\\\"line-height: 1.2;\\\"><span style=\\\"font-weight: 400; color: #0000ff; font-family: arial, helvetica, sans-serif;\\\">Entsprechendes gilt f\u00fcr die Datenweitergabe an unsere Hersteller bzw. Gro\u00dfh\u00e4ndler in den F\u00e4llen, in denen sie den Versand f\u00fcr uns \u00fcbernehmen (Streckengesch\u00e4ft). Diese gelten als Versanddienstleister im Sinne der vorliegenden Datenschutzerkl\u00e4rung.<\/span><\/p><p style=\\\"line-height: 1.2;\\\">\u00a0<\/p><h3 style=\\\"line-height: 1.2;\\\"><span style=\\\"color: #0000ff; font-family: arial, helvetica, sans-serif;\\\"><b>Datenweitergabe an Versanddienstleister zum Zwecke der Versandank\u00fcndigung<\/b><\/span><\/h3><p style=\\\"line-height: 1.2;\\\"><span style=\\\"font-weight: 400; color: #0000ff; font-family: arial, helvetica, sans-serif;\\\">Sofern Sie uns hierzu w\u00e4hrend oder nach Ihrer Bestellung Ihre ausdr\u00fcckliche Einwilligung erteilt haben, geben wir aufgrund dieser gem\u00e4\u00df Art. 6 Abs. 1 S. 1 lit. a DSGVO Ihre E-Mail-Adresse an den ausgew\u00e4hlten Versanddienstleister weiter, damit dieser vor Zustellung zum Zwecke der Lieferungsank\u00fcndigung bzw. -abstimmung Kontakt mit Ihnen aufnehmen kann.<\/span><\/p><p style=\\\"line-height: 1.2;\\\"><span style=\\\"font-weight: 400; color: #0000ff; font-family: arial, helvetica, sans-serif;\\\">Die Einwilligung kann jederzeit durch eine Nachricht an die in dieser Datenschutzerkl\u00e4rung beschriebene Kontaktm\u00f6glichkeit oder direkt gegen\u00fcber dem Versanddienstleister unter im Folgenden aufgef\u00fchrten Kontaktadresse widerrufen werden. Nach Widerruf l\u00f6schen wir Ihre hierf\u00fcr angegebenen Daten, soweit Sie nicht ausdr\u00fccklich in eine weitere Nutzung Ihrer Daten eingewilligt haben oder wir uns eine dar\u00fcber hinausgehende Datenverwendung vorbehalten, die gesetzlich erlaubt ist und \u00fcber die wir Sie in dieser Erkl\u00e4rung informieren.<\/span><\/p><p style=\\\"line-height: 1.2;\\\"><span style=\\\"font-weight: 400; color: #0000ff; font-family: arial, helvetica, sans-serif;\\\">DHL Paket GmbH<\/span><\/p><p style=\\\"line-height: 1.2;\\\"><span style=\\\"font-weight: 400; color: #0000ff; font-family: arial, helvetica, sans-serif;\\\">Str\u00e4\u00dfchensweg 10<\/span><\/p><p style=\\\"line-height: 1.2;\\\"><span style=\\\"font-weight: 400; color: #0000ff; font-family: arial, helvetica, sans-serif;\\\">53113 Bonn<\/span><\/p><p style=\\\"line-height: 1.2;\\\"><span style=\\\"font-weight: 400; color: #0000ff; font-family: arial, helvetica, sans-serif;\\\">Deutschland<\/span><\/p><p style=\\\"line-height: 1.2;\\\">\u00a0<\/p><h2 style=\\\"line-height: 1.2;\\\"><span style=\\\"color: #0000ff; font-family: arial, helvetica, sans-serif;\\\"><b>4. Datenverarbeitung zur Zahlungsabwicklung<\/b><\/span><\/h2><p style=\\\"line-height: 1.2;\\\"><span style=\\\"font-weight: 400; color: #0000ff; font-family: arial, helvetica, sans-serif;\\\">Bei der Abwicklung von Zahlungen in unserem Online-Shop arbeiten wir mit diesen Partnern zusammen: technische Dienstleister, Kreditinstitute, Zahlungsdienstleister.<\/span><\/p><p style=\\\"line-height: 1.2;\\\">\u00a0<\/p><h3 style=\\\"line-height: 1.2;\\\"><span style=\\\"color: #0000ff; font-family: arial, helvetica, sans-serif;\\\"><b>4.1 Datenverarbeitung zur Transaktionsabwicklung<\/b><\/span><\/h3><p style=\\\"line-height: 1.2;\\\"><span style=\\\"font-weight: 400; color: #0000ff; font-family: arial, helvetica, sans-serif;\\\">Je nach ausgew\u00e4hlter Zahlungsart geben wir die f\u00fcr die Abwicklung der Zahlungstransaktion notwendigen Daten an unsere technischen Dienstleister, die im Rahmen einer Auftragsverarbeitung f\u00fcr uns t\u00e4tig sind, oder an die beauftragten Kreditinstitute oder an den ausgew\u00e4hlten Zahlungsdienstleister weiter, soweit dies zur Abwicklung der Zahlung erforderlich ist. Dies dient der Vertragserf\u00fcllung gem\u00e4\u00df Art. 6 Abs. 1 S. 1 lit. b DSGVO. Zum Teil erheben die Zahlungsdienstleister die f\u00fcr die Abwicklung der Zahlung erforderlichen Daten selbst, z.B. auf ihrer eigenen Webseite oder \u00fcber eine technische Einbindung im Bestellprozess. Es gilt insoweit die Datenschutzerkl\u00e4rung des jeweiligen Zahlungsdienstleisters.<\/span><\/p><p style=\\\"line-height: 1.2;\\\"><span style=\\\"font-weight: 400; color: #0000ff; font-family: arial, helvetica, sans-serif;\\\">Bei Fragen zu unseren Partnern f\u00fcr die Zahlungsabwicklung und der Grundlage unserer Zusammenarbeit mit ihnen wenden Sie sich bitte an die in dieser Datenschutzerkl\u00e4rung beschriebenen Kontaktm\u00f6glichkeit.<\/span><\/p><p style=\\\"line-height: 1.2;\\\">\u00a0<\/p><h3 style=\\\"line-height: 1.2;\\\"><span style=\\\"color: #0000ff; font-family: arial, helvetica, sans-serif;\\\"><b>4.2 Datenverarbeitung zum Zwecke der Betrugspr\u00e4vention und der Optimierung unserer Zahlungsprozesse<\/b><\/span><\/h3><p style=\\\"line-height: 1.2;\\\"><span style=\\\"font-weight: 400; color: #0000ff; font-family: arial, helvetica, sans-serif;\\\">Gegebenenfalls geben wir unseren Dienstleistern weitere Daten, die sie zusammen mit den f\u00fcr die Abwicklung der Zahlung notwendigen Daten als unsere Auftragsverarbeiter zum Zwecke der Betrugspr\u00e4vention und der Optimierung unserer Zahlungsprozesse (z.B. Rechnungsstellung, Abwicklung von angefochtenen Zahlungen, Unterst\u00fctzung der Buchhaltung) verwenden. Dies dient gem\u00e4\u00df Art. 6 Abs. 1 S. 1 lit. f DSGVO der Wahrung unserer im Rahmen einer Interessensabw\u00e4gung \u00fcberwiegenden berechtigten Interessen an unserer Absicherung gegen Betrug bzw. an einem effizienten Zahlungsmanagement.<\/span><\/p><p style=\\\"line-height: 1.2;\\\">\u00a0<\/p><h2 style=\\\"line-height: 1.2;\\\"><span style=\\\"color: #0000ff; font-family: arial, helvetica, sans-serif;\\\"><b>5. Cookies und weitere Technologien<\/b><\/span><\/h2><h3 style=\\\"line-height: 1.2;\\\"><span style=\\\"color: #0000ff; font-family: arial, helvetica, sans-serif;\\\"><b>5.1 Allgemeine Informationen<\/b><\/span><\/h3><p style=\\\"line-height: 1.2;\\\"><span style=\\\"font-weight: 400; color: #0000ff; font-family: arial, helvetica, sans-serif;\\\">Um den Besuch unserer Webseite attraktiv zu gestalten und die Nutzung bestimmter Funktionen zu erm\u00f6glichen, verwenden wir auf verschiedenen Seiten Technologien einschlie\u00dflich sogenannter Cookies. Cookies sind kleine Textdateien, die automatisch auf Ihrem Endger\u00e4t gespeichert werden. Einige der von uns verwendeten Cookies werden nach Ende der Browser-Sitzung, also nach Schlie\u00dfen Ihres Browsers, wieder gel\u00f6scht (sog. Sitzungs-Cookies). Andere Cookies verbleiben auf Ihrem Endger\u00e4t und erm\u00f6glichen uns, Ihren Browser beim n\u00e4chsten Besuch wiederzuerkennen (persistente Cookies).<\/span><\/p><p style=\\\"line-height: 1.2;\\\"><span style=\\\"font-weight: 400; color: #0000ff; font-family: arial, helvetica, sans-serif;\\\">Wir verwenden solche Technologien, die f\u00fcr die Nutzung bestimmter Funktionen unserer Webseite (z.B. Warenkorbfunktion) zwingend erforderlich sind. Durch diese Technologien werden IP-Adresse, Zeitpunkt des Besuchs, Ger\u00e4te- und Browser-Informationen sowie Informationen zu Ihrer Nutzung unserer Webseite (z. B. Informationen zum Inhalt des Warenkorbs) erhoben und verarbeitet. Dies dient im Rahmen einer Interessensabw\u00e4gung \u00fcberwiegenden berechtigten Interessen an einer optimierten Darstellung unseres Angebots gem\u00e4\u00df Art. 6 Abs. 1 S. 1 lit. f DSGVO.<\/span><\/p><p style=\\\"line-height: 1.2;\\\"><span style=\\\"font-weight: 400; color: #0000ff; font-family: arial, helvetica, sans-serif;\\\">Zudem verwenden wir Technologien zur Erf\u00fcllung der rechtlichen Verpflichtungen, denen wir unterliegen (z.B. um Einwilligungen in die Verarbeitung Ihrer personenbezogenen Daten nachweisen zu k\u00f6nnen) sowie zu Webanalyse und Online-Marketing. Weitere Informationen hierzu einschlie\u00dflich der jeweiligen Rechtsgrundlage f\u00fcr die Datenverarbeitung finden Sie in den nachfolgenden Abschnitten dieser Datenschutzerkl\u00e4rung.<\/span><\/p><p style=\\\"line-height: 1.2;\\\"><span style=\\\"font-weight: 400; color: #0000ff; font-family: arial, helvetica, sans-serif;\\\">Weitere Informationen zu Ihren Cookie-Einstellungen finden Sie unter der Seite\u00a0<\/span><\/p><p style=\\\"line-height: 1.2;\\\"><span style=\\\"font-weight: 400; color: #0000ff; font-family: arial, helvetica, sans-serif;\\\">Soweit Sie in die Verwendung der Technologien gem\u00e4\u00df Art. 6 Abs. 1 S. 1 lit. a DSGVO eingewilligt haben, k\u00f6nnen Sie Ihre Einwilligung jederzeit widerrufen durch eine Nachricht an die in der Datenschutzerkl\u00e4rung beschriebenen Kontaktm\u00f6glichkeit. Alternativ k\u00f6nnen Sie auch folgenden Link aufrufen: http:\/\/google.de. Bei der Nichtannahme von Cookies kann die Funktionalit\u00e4t unserer Webseite eingeschr\u00e4nkt sein.<\/span><\/p><p style=\\\"line-height: 1.2;\\\">\u00a0<\/p><p style=\\\"line-height: 1.2;\\\">\u00a0<\/p><h2 style=\\\"line-height: 1.2;\\\"><span style=\\\"color: #0000ff; font-family: arial, helvetica, sans-serif;\\\"><b>7. Social Media<\/b><\/span><\/h2><h3 style=\\\"line-height: 1.2;\\\"><span style=\\\"color: #0000ff; font-family: arial, helvetica, sans-serif;\\\"><b>Unsere Onlinepr\u00e4senz auf Facebook, Instagram<\/b><\/span><\/h3><p style=\\\"line-height: 1.2;\\\"><span style=\\\"font-weight: 400; color: #0000ff; font-family: arial, helvetica, sans-serif;\\\">Soweit Sie hierzu Ihre Einwilligung nach Art. 6 Abs. 1 S. 1 lit. a DSGVO gegen\u00fcber dem jeweiligen Social Media Betreiber erteilt haben, werden bei Besuch unserer Onlinepr\u00e4senzen auf den in der oben genannten sozialen Medien Ihre Daten f\u00fcr Marktforschungs- und Werbezwecke automatisch erhoben und gespeichert, aus denen unter Verwendung von Pseudonymen Nutzungsprofile erstellt werden. Diese k\u00f6nnen verwendet werden, um z.B. Werbeanzeigen innerhalb und au\u00dferhalb der Plattformen zu schalten, die mutma\u00dflich Ihren Interessen entsprechen. Hierzu werden im Regelfall Cookies eingesetzt. Die detaillierten Informationen zur Verarbeitung und Nutzung der Daten durch den jeweiligen Social Media Betreiber sowie eine Kontaktm\u00f6glichkeit und Ihre diesbez\u00fcglichen Rechte und Einstellungsm\u00f6glichkeiten zum Schutz Ihrer Privatsph\u00e4re, entnehmen Sie bitte den unten verlinkten Datenschutzhinweisen der Anbieter. Sollten Sie diesbez\u00fcglich dennoch Hilfe ben\u00f6tigen, k\u00f6nnen Sie sich an uns wenden.<\/span><\/p><p style=\\\"line-height: 1.2;\\\"><span style=\\\"color: #0000ff; font-family: arial, helvetica, sans-serif;\\\"><a style=\\\"color: #0000ff;\\\" href=\\\"https:\/\/www.facebook.com\/about\/privacy\/\\\"><b>Facebook <\/b><\/a><span style=\\\"font-weight: 400;\\\">ist ein Angebot der Facebook Ireland Ltd., 4 Grand Canal Square, Dublin 2, Irland (\u201eFacebook Ireland\u201c) Die durch Facebook Ireland automatisch erhobenen Informationen \u00fcber Ihre Nutzung unserer Online-Pr\u00e4senz auf Facebook werden in der Regel an einen Server der Facebook, Inc., 1601 Willow Road, Menlo Park, California 94025, USA \u00fcbertragen und dort gespeichert. F\u00fcr die USA liegt kein Angemessenheitsbeschluss der Europ\u00e4ischen Kommission vor. Unsere Zusammenarbeit mit ihnen st\u00fctzt sich auf Standarddatenschutzklauseln der Europ\u00e4ischen Kommission.\u00a0 Die Datenverarbeitung im Rahmen des Besuchs einer Facebook Fanpage erfolgt auf Grundlage einer Vereinbarung zwischen gemeinsam Verantwortlichen gem\u00e4\u00df Art. 26 DSGVO. Weitere Informationen (Informationen zu Insights-Daten) finden Sie <\/span><a style=\\\"color: #0000ff;\\\" href=\\\"https:\/\/www.facebook.com\/legal\/terms\/information_about_page_insights_data\\\"><span style=\\\"font-weight: 400;\\\">hier<\/span><\/a><span style=\\\"font-weight: 400;\\\">.<\/span><\/span><\/p><p style=\\\"line-height: 1.2;\\\"><span style=\\\"color: #0000ff; font-family: arial, helvetica, sans-serif;\\\"><a style=\\\"color: #0000ff;\\\" href=\\\"https:\/\/help.instagram.com\/519522125107875\\\"><b>Instagram<\/b><\/a><span style=\\\"font-weight: 400;\\\"> ist ein Angebot der Facebook Ireland Ltd., 4 Grand Canal Square, Dublin 2, Irland (\u201eFacebook Ireland\u201c) Die durch Facebook Ireland automatisch erhobenen Informationen \u00fcber Ihre Nutzung unserer Online-Pr\u00e4senz auf Instagram werden in der Regel an einen Server der Facebook, Inc., 1601 Willow Road, Menlo Park, California 94025, USA \u00fcbertragen und dort gespeichert. F\u00fcr die USA liegt kein Angemessenheitsbeschluss der Europ\u00e4ischen Kommission vor. Unsere Zusammenarbeit mit ihnen st\u00fctzt sich auf Standarddatenschutzklauseln der Europ\u00e4ischen Kommission.\u00a0 Die Datenverarbeitung im Rahmen des Besuchs einer Instagram Fanpage erfolgt auf Grundlage einer Vereinbarung zwischen gemeinsam Verantwortlichen gem\u00e4\u00df Art. 26 DSGVO. Weitere Informationen (Informationen zu Insights-Daten) finden Sie <\/span><a style=\\\"color: #0000ff;\\\" href=\\\"https:\/\/www.facebook.com\/legal\/terms\/information_about_page_insights_data\\\"><span style=\\\"font-weight: 400;\\\">hier<\/span><\/a><span style=\\\"font-weight: 400;\\\">.<\/span><\/span><\/p><p style=\\\"line-height: 1.2;\\\">\u00a0<\/p><h3 id=\\\"dsg-newsletter-at\\\" style=\\\"line-height: 1.2;\\\"><span style=\\\"font-family: arial, helvetica, sans-serif;\\\"><strong><span style=\\\"color: #0000ff;\\\">8. Newsletter<\/span><\/strong><\/span><\/h3><p style=\\\"line-height: 1.2;\\\"><span class=\\\"ts-muster-content\\\" style=\\\"color: #0000ff; font-family: arial, helvetica, sans-serif;\\\">Mit den nachfolgenden Hinweisen informieren wir Sie \u00fcber die Inhalte unseres Newsletters sowie das Anmelde-, Versand- und das statistische Auswertungsverfahren sowie Ihre Widerspruchsrechte auf. Indem Sie unseren Newsletter abonnieren, erkl\u00e4ren Sie sich mit dem Empfang und den beschriebenen Verfahren einverstanden.<\/span><\/p><p style=\\\"line-height: 1.2;\\\"><span style=\\\"color: #0000ff; font-family: arial, helvetica, sans-serif;\\\">Inhalt des Newsletters: Wir versenden Newsletter, E-Mails und weitere elektronische Benachrichtigungen mit werblichen Informationen (nachfolgend \u201eNewsletter\u201c) nur mit der Einwilligung der Empf\u00e4nger oder einer gesetzlichen Erlaubnis. Sofern im Rahmen einer Anmeldung zum Newsletter dessen Inhalte konkret umschrieben werden, sind sie f\u00fcr die Einwilligung der Nutzer ma\u00dfgeblich. Im \u00dcbrigen enthalten unsere Newsletter Informationen zu unseren Produkten und sie begleitenden Informationen (z.B. Sicherheitshinweise), Angeboten, Aktionen und unser Unternehmen.<\/span><\/p><p style=\\\"line-height: 1.2;\\\"><span style=\\\"color: #0000ff; font-family: arial, helvetica, sans-serif;\\\">Double-Opt-In und Protokollierung: Die Anmeldung zu unserem Newsletter erfolgt in einem sog. Double-Opt-In-Verfahren. D.h. Sie erhalten nach der Anmeldung eine E-Mail, in der Sie um die Best\u00e4tigung Ihrer Anmeldung gebeten werden. Diese Best\u00e4tigung ist notwendig, damit sich niemand mit fremden E-Mailadressen anmelden kann. Die Anmeldungen zum Newsletter werden protokolliert, um den Anmeldeprozess entsprechend den rechtlichen Anforderungen nachweisen zu k\u00f6nnen. Hierzu geh\u00f6rt die Speicherung des Anmelde- und des Best\u00e4tigungszeitpunkts, als auch der IP-Adresse. Ebenso werden die \u00c4nderungen Ihrer bei dem Versanddienstleister gespeicherten Daten protokolliert.<\/span><\/p><p style=\\\"line-height: 1.2;\\\"><span style=\\\"color: #0000ff; font-family: arial, helvetica, sans-serif;\\\">Anmeldedaten: Um sich f\u00fcr den Newsletter anzumelden, reicht es aus, wenn Sie Ihre E-Mailadresse angeben. Optional bitten wir Sie einen Namen, zwecks pers\u00f6nlicher Ansprache im Newsletters anzugeben.<\/span><\/p><p style=\\\"line-height: 1.2;\\\"><span style=\\\"color: #0000ff; font-family: arial, helvetica, sans-serif;\\\">Der Versand des Newsletters und die mit ihm verbundene Erfolgsmessung erfolgen auf Grundlage einer Einwilligung der Empf\u00e4nger gem. Art. 6 Abs. 1 lit. a, Art. 7 DSGVO i.V.m \u00a7 107 Abs. 2 TKG oder falls eine Einwilligung nicht erforderlich ist, auf Grundlage unserer berechtigten Interessen am Direktmarketing gem. Art. 6 Abs. 1 lt. f. DSGVO i.V.m. \u00a7 107 Abs. 2 u. 3 TKG.<\/span><\/p><p style=\\\"line-height: 1.2;\\\"><span style=\\\"color: #0000ff; font-family: arial, helvetica, sans-serif;\\\">Die Protokollierung des Anmeldeverfahrens erfolgt auf Grundlage unserer berechtigten Interessen gem. Art. 6 Abs. 1 lit. f DSGVO. Unser Interesse richtet sich auf den Einsatz eines nutzerfreundlichen sowie sicheren Newslettersystems, das sowohl unseren gesch\u00e4ftlichen Interessen dient, als auch den Erwartungen der Nutzer entspricht und uns ferner den Nachweis von Einwilligungen erlaubt.<\/span><\/p><p style=\\\"line-height: 1.2;\\\"><span style=\\\"color: #0000ff; font-family: arial, helvetica, sans-serif;\\\">K\u00fcndigung\/Widerruf \u2013 Sie k\u00f6nnen den Empfang unseres Newsletters jederzeit k\u00fcndigen, d.h. Ihre Einwilligungen widerrufen. Einen Link zur K\u00fcndigung des Newsletters finden Sie am Ende eines jeden Newsletters. Wir k\u00f6nnen die ausgetragenen E-Mailadressen bis zu drei Jahren auf Grundlage unserer berechtigten Interessen speichern bevor wir sie l\u00f6schen, um eine ehemals gegebene Einwilligung nachweisen zu k\u00f6nnen. Die Verarbeitung dieser Daten wird auf den Zweck einer m\u00f6glichen Abwehr von Anspr\u00fcchen beschr\u00e4nkt. Ein individueller L\u00f6schungsantrag ist jederzeit m\u00f6glich, sofern zugleich das ehemalige Bestehen einer Einwilligung best\u00e4tigt wird.<\/span><\/p><h3 id=\\\"dsg-newsletter-provider-newsletter2go\\\" style=\\\"line-height: 1.2;\\\"><span style=\\\"font-family: arial, helvetica, sans-serif;\\\"><strong><span style=\\\"color: #0000ff;\\\">8.1. Newsletter \u2013 Sendinblue<\/span><\/strong><\/span><\/h3><p style=\\\"line-height: 1.2;\\\"><span class=\\\"ts-muster-content\\\" style=\\\"color: #0000ff; font-family: arial, helvetica, sans-serif;\\\">Der Versand der Newsletter erfolgt mittels des Versanddienstleisters Sendinblue GmbH, K\u00f6penicker Str. 126, 10179 Berlin, Deutschland. Die Datenschutzbestimmungen des Versanddienstleisters k\u00f6nnen Sie hier einsehen:\u00a0<a style=\\\"color: #0000ff;\\\" rel=\\\"noopener noreferrer\\\" href=\\\"https:\/\/www.newsletter2go.de\/datenschutz\/\\\" target=\\\"_blank\\\">https:\/\/www.sendinblue.de\/datenschutz\/<\/a>. Der Versanddienstleister wird auf Grundlage unserer berechtigten Interessen gem. Art. 6 Abs. 1 lit. f. DSGVO und eines Auftragsverarbeitungsvertrages gem. Art. 28 Abs. 3 S. 1 DSGVO eingesetzt.<\/span><\/p><p style=\\\"line-height: 1.2;\\\"><span style=\\\"color: #0000ff; font-family: arial, helvetica, sans-serif;\\\">Der Versanddienstleister kann die Daten der Empf\u00e4nger in pseudonymer Form, d.h. ohne Zuordnung zu einem Nutzer, zur Optimierung oder Verbesserung der eigenen Services nutzen, z.B. zur technischen Optimierung des Versandes und der Darstellung der Newsletter oder f\u00fcr statistische Zwecke verwenden. Der Versanddienstleister nutzt die Daten unserer Newsletterempf\u00e4nger jedoch nicht, um diese selbst anzuschreiben oder um die Daten an Dritte weiterzugeben.<\/span><\/p><p style=\\\"line-height: 1.2;\\\">\u00a0<\/p><h2 style=\\\"line-height: 1.2;\\\"><span style=\\\"color: #0000ff; font-family: arial, helvetica, sans-serif;\\\"><b>9. Kontaktm\u00f6glichkeiten und Ihre Rechte<\/b><\/span><\/h2><p style=\\\"line-height: 1.2;\\\"><span style=\\\"font-weight: 400; color: #0000ff; font-family: arial, helvetica, sans-serif;\\\">Als Betroffener haben Sie folgende Rechte:<\/span><\/p><ul style=\\\"line-height: 1.2;\\\"><li style=\\\"font-weight: 400; line-height: 1;\\\" aria-level=\\\"1\\\"><span style=\\\"font-weight: 400; color: #0000ff; font-family: arial, helvetica, sans-serif;\\\">gem\u00e4\u00df Art. 15 DSGVO das Recht, in dem dort bezeichneten Umfang Auskunft \u00fcber Ihre von uns verarbeiteten personenbezogenen Daten zu verlangen;<\/span><\/li><li style=\\\"font-weight: 400; line-height: 1;\\\" aria-level=\\\"1\\\"><span style=\\\"font-weight: 400; color: #0000ff; font-family: arial, helvetica, sans-serif;\\\">gem\u00e4\u00df Art. 16 DSGVO das Recht, unverz\u00fcglich die Berichtigung unrichtiger oder Vervollst\u00e4ndigung Ihrer bei uns gespeicherten personenbezogenen Daten zu verlangen;<\/span><\/li><li style=\\\"font-weight: 400; line-height: 1;\\\" aria-level=\\\"1\\\"><span style=\\\"font-weight: 400; color: #0000ff; font-family: arial, helvetica, sans-serif;\\\">gem\u00e4\u00df Art. 17 DSGVO das Recht, die L\u00f6schung Ihrer bei uns gespeicherten personenbezogenen Daten zu verlangen, soweit nicht die weitere Verarbeitung<\/span><ul><li style=\\\"font-weight: 400;\\\" aria-level=\\\"2\\\"><span style=\\\"font-weight: 400; color: #0000ff; font-family: arial, helvetica, sans-serif;\\\">zur Aus\u00fcbung des Rechts auf freie Meinungs\u00e4u\u00dferung und Information;<\/span><\/li><li style=\\\"font-weight: 400;\\\" aria-level=\\\"2\\\"><span style=\\\"font-weight: 400; color: #0000ff; font-family: arial, helvetica, sans-serif;\\\">zur Erf\u00fcllung einer rechtlichen Verpflichtung;<\/span><\/li><li style=\\\"font-weight: 400;\\\" aria-level=\\\"2\\\"><span style=\\\"font-weight: 400; color: #0000ff; font-family: arial, helvetica, sans-serif;\\\">aus Gr\u00fcnden des \u00f6ffentlichen Interesses oder<\/span><\/li><li style=\\\"font-weight: 400;\\\" aria-level=\\\"2\\\"><span style=\\\"font-weight: 400; color: #0000ff; font-family: arial, helvetica, sans-serif;\\\">zur Geltendmachung, Aus\u00fcbung oder Verteidigung von Rechtsanspr\u00fcchen erforderlich ist;<\/span><\/li><\/ul><\/li><li style=\\\"font-weight: 400; line-height: 1;\\\" aria-level=\\\"1\\\"><span style=\\\"font-weight: 400; color: #0000ff; font-family: arial, helvetica, sans-serif;\\\">gem\u00e4\u00df Art. 18 DSGVO das Recht, die Einschr\u00e4nkung der Verarbeitung Ihrer personenbezogenen Daten zu verlangen, soweit<\/span><ul><li style=\\\"font-weight: 400;\\\" aria-level=\\\"2\\\"><span style=\\\"font-weight: 400; color: #0000ff; font-family: arial, helvetica, sans-serif;\\\">die Richtigkeit der Daten von Ihnen bestritten wird;<\/span><\/li><li style=\\\"font-weight: 400;\\\" aria-level=\\\"2\\\"><span style=\\\"font-weight: 400; color: #0000ff; font-family: arial, helvetica, sans-serif;\\\">die Verarbeitung unrechtm\u00e4\u00dfig ist, Sie aber deren L\u00f6schung ablehnen;<\/span><\/li><li style=\\\"font-weight: 400;\\\" aria-level=\\\"2\\\"><span style=\\\"font-weight: 400; color: #0000ff; font-family: arial, helvetica, sans-serif;\\\">wir die Daten nicht mehr ben\u00f6tigen, Sie diese jedoch zur Geltendmachung, Aus\u00fcbung oder Verteidigung von Rechtsanspr\u00fcchen ben\u00f6tigen oder<\/span><\/li><li style=\\\"font-weight: 400;\\\" aria-level=\\\"2\\\"><span style=\\\"font-weight: 400; color: #0000ff; font-family: arial, helvetica, sans-serif;\\\">Sie gem\u00e4\u00df Art. 21 DSGVO Widerspruch gegen die Verarbeitung eingelegt haben;<\/span><\/li><\/ul><\/li><li style=\\\"font-weight: 400; line-height: 1;\\\" aria-level=\\\"1\\\"><span style=\\\"font-weight: 400; color: #0000ff; font-family: arial, helvetica, sans-serif;\\\">gem\u00e4\u00df Art. 20 DSGVO das Recht, Ihre personenbezogenen Daten, die Sie uns bereitgestellt haben, in einem strukturierten, g\u00e4ngigen und maschinenlesbaren Format zu erhalten oder die \u00dcbermittlung an einen anderen Verantwortlichen zu verlangen;<\/span><\/li><li style=\\\"font-weight: 400; line-height: 1;\\\" aria-level=\\\"1\\\"><span style=\\\"font-weight: 400; color: #0000ff; font-family: arial, helvetica, sans-serif;\\\">gem\u00e4\u00df Art. 77 DSGVO das Recht, sich bei einer Aufsichtsbeh\u00f6rde zu beschweren. In der Regel k\u00f6nnen Sie sich hierf\u00fcr an die Aufsichtsbeh\u00f6rde Ihres \u00fcblichen Aufenthaltsortes oder Arbeitsplatzes oder unseres Unternehmenssitzes wenden.<\/span><\/li><\/ul><p style=\\\"line-height: 1.2;\\\"><span style=\\\"font-weight: 400; color: #0000ff; font-family: arial, helvetica, sans-serif;\\\">Bei Fragen zur Erhebung, Verarbeitung oder Nutzung Ihrer personenbezogenen Daten, bei Ausk\u00fcnften, Berichtigung, Einschr\u00e4nkung oder L\u00f6schung von Daten sowie Widerruf erteilter Einwilligungen oder Widerspruch gegen eine bestimmte Datenverwendung wenden Sie sich bitte direkt an uns \u00fcber die Kontaktdaten in unserem Impressum.<\/span><\/p>\",\r\n      \"align\": \"top\",\r\n      \"row\": 0,\r\n      \"col\": 0,\r\n      \"colspan\": 12,\r\n      \"offsetx\": 0,\r\n      \"offsety\": 0,\r\n      \"spaceabove\": 0,\r\n      \"spacebelow\": 0,\r\n      \"yvel\": 1,\r\n      \"push\": 0,\r\n      \"relid\": 4\r\n    }\r\n  ]\r\n}","phonegrid":"","jetpack_sharing_enabled":true,"_links":{"self":[{"href":"https:\/\/studiopapaya.de\/de\/wp-json\/wp\/v2\/pages\/53","targetHints":{"allow":["GET"]}}],"collection":[{"href":"https:\/\/studiopapaya.de\/de\/wp-json\/wp\/v2\/pages"}],"about":[{"href":"https:\/\/studiopapaya.de\/de\/wp-json\/wp\/v2\/types\/page"}],"author":[{"embeddable":true,"href":"https:\/\/studiopapaya.de\/de\/wp-json\/wp\/v2\/users\/1"}],"replies":[{"embeddable":true,"href":"https:\/\/studiopapaya.de\/de\/wp-json\/wp\/v2\/comments?post=53"}],"version-history":[{"count":0,"href":"https:\/\/studiopapaya.de\/de\/wp-json\/wp\/v2\/pages\/53\/revisions"}],"wp:attachment":[{"href":"https:\/\/studiopapaya.de\/de\/wp-json\/wp\/v2\/media?parent=53"}],"curies":[{"name":"wp","href":"https:\/\/api.w.org\/{rel}","templated":true}]}}